{"id":330,"date":"2019-08-29T13:37:28","date_gmt":"2019-08-29T11:37:28","guid":{"rendered":"http:\/\/herrdroege.de\/?page_id=330"},"modified":"2022-10-07T21:07:48","modified_gmt":"2022-10-07T19:07:48","slug":"publikationen","status":"publish","type":"page","link":"http:\/\/herrdroege.de\/?page_id=330","title":{"rendered":"Publikationen"},"content":{"rendered":"\n<p class=\"has-medium-font-size\">&nbsp;<\/p>\n\n\n\n<p><\/p>\n\n\n\n<div class=\"wp-block-media-text alignwide has-media-on-the-right\" style=\"grid-template-columns:auto 38%\"><figure class=\"wp-block-media-text__media\"><img loading=\"lazy\" decoding=\"async\" width=\"544\" height=\"768\" src=\"http:\/\/herrdroege.de\/wp-content\/uploads\/2022\/10\/Cover-Tools-GS.png\" alt=\"\" class=\"wp-image-1124 size-full\" srcset=\"http:\/\/herrdroege.de\/wp-content\/uploads\/2022\/10\/Cover-Tools-GS.png 544w, http:\/\/herrdroege.de\/wp-content\/uploads\/2022\/10\/Cover-Tools-GS-213x300.png 213w\" sizes=\"auto, (max-width: 544px) 100vw, 544px\" \/><\/figure><div class=\"wp-block-media-text__content\">\n<p class=\"has-text-align-left has-very-light-gray-background-color has-background\" style=\"font-size:18px\"><span style=\"color:#0064a3\" class=\"tadv-color\"><strong><strong>Die wichtigsten digitalen Tools f\u00fcr Lehrer\/-innen und Schulalltag\u00b7 <\/strong><\/strong><\/span><span style=\"color:#313131\" class=\"tadv-color\">Organisation und Unterricht<\/span><br><strong><span style=\"color:#8ed1fc\" class=\"tadv-color\">Grundschule<\/span><\/strong><\/p>\n\n\n\n<p><\/p>\n\n\n\n<p><\/p>\n<\/div><\/div>\n\n\n\n<ul class=\"wp-block-list\"><li>Grundschule<\/li><li>Apps &amp; Webtools f\u00fcr: Organisation im Arbeitsalltag als Lehrkraft + Unterricht (f\u00e4cher\u00fcbergreifend)<\/li><li>Cornelsen Verlag<\/li><li>Seiten: 64 (DIN A5)<\/li><li>Erscheinungsjahr: 2022<\/li><li>ISBN: 978-3-589-16875-0<\/li><li><a href=\"https:\/\/www.cornelsen.de\/produkte\/die-wichtigsten-digitalen-tools-grundschule-fuer-lehrer-innen-und-schulalltag-organisation-und-unterricht-faecheruebergreifende-einsatzmoeglichkeiten-von-apps-und-webtools-buch-9783589168750\" target=\"_blank\" rel=\"noreferrer noopener\">bestellen<\/a><\/li><\/ul>\n\n\n\n<p class=\"has-pale-cyan-blue-color has-text-color\"><strong>Beschreibung:<\/strong><\/p>\n\n\n\n<p class=\"has-cyan-bluish-gray-color has-text-color has-small-font-size\"><strong>Digitale Bildung leicht gemacht<\/strong><br>Organisation \u2013 Recherche \u2013 Lernen \u2013 \u00dcben: Dieser Band stellt Webtools und Apps vor, die auf wichtige und wiederkehrende Handlungssituationen im Schulalltag zielen. Mit ihrer Hilfe erleichtern und verbessern Sie den Unterricht, die Organisation, die Medienerziehung und generell das Miteinander.<br><br>Die Tools f\u00f6rdern Partizipation, Selbstst\u00e4ndigkeit und Medienkompetenz der Sch\u00fcler\/-innen und erm\u00f6glichen Kooperation.<br>Sie als Lehrkraft profitieren von vielen Benefits f\u00fcr Organisation, Planung und Nachbereitung.<\/p>\n\n\n\n<p><\/p>\n\n\n\n<hr class=\"wp-block-separator has-css-opacity\"\/>\n\n\n\n<div class=\"wp-block-media-text alignwide\" style=\"grid-template-columns:38% auto\"><figure class=\"wp-block-media-text__media\"><img loading=\"lazy\" decoding=\"async\" width=\"632\" height=\"902\" src=\"http:\/\/herrdroege.de\/wp-content\/uploads\/2021\/10\/Cover-FUS74.png\" alt=\"\" class=\"wp-image-1058 size-full\" srcset=\"http:\/\/herrdroege.de\/wp-content\/uploads\/2021\/10\/Cover-FUS74.png 632w, http:\/\/herrdroege.de\/wp-content\/uploads\/2021\/10\/Cover-FUS74-210x300.png 210w\" sizes=\"auto, (max-width: 632px) 100vw, 632px\" \/><\/figure><div class=\"wp-block-media-text__content\">\n<p class=\"has-very-light-gray-background-color has-background\" style=\"font-size:18px\"><span style=\"color:#0064a3\" class=\"tadv-color\"><strong><strong>Basisartikel \u00b7 <\/strong><\/strong><\/span><span style=\"color:#313131\" class=\"tadv-color\">Chancen<\/span> und Grenzen von Erkl\u00e4rvideos im Spanischunterricht<br><em>(mit Jennifer Wengler)<\/em><\/p>\n<\/div><\/div>\n\n\n\n<ul class=\"wp-block-list\"><li>Fachzeitschrift: Der fremdsprachliche Unterricht &#8211; Spanisch<\/li><li>Heft: Nr. 74<\/li><li>Friedrich Verlag<\/li><li>Seiten: 48 (DIN A4)<\/li><li>Erscheinungsjahr: 2021<\/li><li>ISBN: NN<\/li><li><a rel=\"noreferrer noopener\" href=\"https:\/\/www.friedrich-verlag.de\/shop\/erklaervideos-542074\" target=\"_blank\" data-type=\"URL\">bestellen<\/a><\/li><\/ul>\n\n\n\n<p class=\"has-pale-cyan-blue-color has-text-color\"><strong>Beschreibung:<\/strong><\/p>\n\n\n\n<p class=\"has-cyan-bluish-gray-color has-text-color has-small-font-size\">Erkl\u00e4r- oder Lernvideos geh\u00f6ren zum Alltag von Sch\u00fclerinnen und Sch\u00fclern. Im Spanischunterricht trainieren sie das H\u00f6rsehverstehen, entlasten per flipped classroom den Unterricht, bilden die Grundlage f\u00fcr die Vermittlung von Grammatikkenntnissen und f\u00fcr interkulturelles Lernen. Lernende k\u00f6nnen aber auch mithilfe von digitalen Anwendungen Erkl\u00e4rvideos produzieren und befassen sich so intensiv mit dem Unterrichtsthema. Erkl\u00e4rvideos k\u00f6nnen f\u00fcr neue Unterrichtsszenarien sorgen, die f\u00fcr die Weiterentwicklung von Schule insgesamt wichtig sind.<\/p>\n\n\n\n<p><\/p>\n\n\n\n<hr class=\"wp-block-separator has-css-opacity\"\/>\n\n\n\n<div class=\"wp-block-media-text alignwide has-media-on-the-right\" style=\"grid-template-columns:auto 38%\"><figure class=\"wp-block-media-text__media\"><img loading=\"lazy\" decoding=\"async\" width=\"530\" height=\"748\" src=\"http:\/\/herrdroege.de\/wp-content\/uploads\/2021\/07\/Cover-Tools.png\" alt=\"\" class=\"wp-image-1027 size-full\" srcset=\"http:\/\/herrdroege.de\/wp-content\/uploads\/2021\/07\/Cover-Tools.png 530w, http:\/\/herrdroege.de\/wp-content\/uploads\/2021\/07\/Cover-Tools-213x300.png 213w\" sizes=\"auto, (max-width: 530px) 100vw, 530px\" \/><\/figure><div class=\"wp-block-media-text__content\">\n<p class=\"has-very-light-gray-background-color has-background\" style=\"font-size:18px\"><span style=\"color:#0064a3\" class=\"tadv-color\"><strong><strong>Die wichtigsten digitalen Tools f\u00fcr Lehrer\/-innen und Schulalltag\u00b7 <\/strong><\/strong><\/span><span style=\"color:#313131\" class=\"tadv-color\">Organisation und Unterricht<\/span><\/p>\n\n\n\n<p><\/p>\n<\/div><\/div>\n\n\n\n<ul class=\"wp-block-list\"><li>Sek I + II<\/li><li>Apps &amp; Webtools f\u00fcr: Organisation im Arbeitsalltag als Lehrkraft + Unterricht (f\u00e4cher\u00fcbergreifend)<\/li><li>Cornelsen Verlag<\/li><li>Seiten: 64 (DIN A5)<\/li><li>Erscheinungsjahr: 2021<\/li><li>ISBN: 978-3-589-16721-0<\/li><li><a href=\"https:\/\/www.cornelsen.de\/produkte\/die-wichtigsten-digitalen-tools-organisation-und-unterricht-fuer-lehrer-innen-und-schulalltag-faecheruebergreifende-einsatzmoeglichkeiten-von-apps-und-webtools-buch-9783589167210\" target=\"_blank\" rel=\"noreferrer noopener\">bestellen<\/a><\/li><\/ul>\n\n\n\n<p class=\"has-pale-cyan-blue-color has-text-color\"><strong>Beschreibung:<\/strong><\/p>\n\n\n\n<p class=\"has-cyan-bluish-gray-color has-text-color has-small-font-size\">Die hier vorgestellten digitalen Tools erleichtern Ihnen den Schulalltag und verbessern die Vorbereitung und Organisation, den Unterricht sowie das Miteinander! Die Tools f\u00f6rdern die Teilnahme und Selbstst\u00e4ndigkeit der Sch\u00fcler\/-innen und erm\u00f6glichen Kooperation. Gleichzeitig erhalten Lehrer\/-innen zahlreiche Benefits f\u00fcr Organisation, Planung und Nachbereitung.<\/p>\n\n\n\n<p><\/p>\n\n\n\n<p><\/p>\n\n\n\n<hr class=\"wp-block-separator has-css-opacity\"\/>\n\n\n\n<div class=\"wp-block-media-text alignwide\" style=\"grid-template-columns:38% auto\"><figure class=\"wp-block-media-text__media\"><img loading=\"lazy\" decoding=\"async\" width=\"524\" height=\"734\" src=\"http:\/\/herrdroege.de\/wp-content\/uploads\/2020\/04\/Cover-Mensch-Digitalisierung.png\" alt=\"\" class=\"wp-image-646 size-full\" srcset=\"http:\/\/herrdroege.de\/wp-content\/uploads\/2020\/04\/Cover-Mensch-Digitalisierung.png 524w, http:\/\/herrdroege.de\/wp-content\/uploads\/2020\/04\/Cover-Mensch-Digitalisierung-214x300.png 214w\" sizes=\"auto, (max-width: 524px) 100vw, 524px\" \/><\/figure><div class=\"wp-block-media-text__content\">\n<p class=\"has-very-light-gray-background-color has-background\" style=\"font-size:18px\"><span style=\"color:#0064a3\" class=\"tadv-color\"><strong><strong>Mensch + Digitalisierung \u00b7 <\/strong><\/strong><\/span><span style=\"color:#313131\" class=\"tadv-color\">Religi\u00f6se und ethische Grundfragen kontrovers und sch\u00fclerzentriert<\/span><\/p>\n<\/div><\/div>\n\n\n\n<ul class=\"wp-block-list\"><li>Sek I <em><span style=\"color:#bebbbb\" class=\"tadv-color\">(adaptiert auch in der Sek II einsetzbar)<\/span><\/em><\/li><li>Informationen f\u00fcr die Lehrkraft + Kopiervorlagen<\/li><li>Cornelsen Verlag<\/li><li>Seiten: 56 (DIN A4)<\/li><li>Erscheinungsjahr: 2020<\/li><li>ISBN: 978-3-589-16672-5<\/li><li><a rel=\"noreferrer noopener\" href=\"https:\/\/www.cornelsen.de\/produkte\/themenbaende-religion-und-ethik-mensch-digitalisierung-religioese-und-ethische-grundfragen-kontrovers-und-schuelerzentriert-kopiervorlagen-9783589166725\" target=\"_blank\">bestellen<\/a><\/li><\/ul>\n\n\n\n<p class=\"has-pale-cyan-blue-color has-text-color\"><strong>Beschreibung:<\/strong><\/p>\n\n\n\n<p class=\"has-cyan-bluish-gray-color has-text-color has-small-font-size\">Die Digitalisierung stellt uns alle vor neue ethische und anthropologische Fragen. Dieser Themenband unterst\u00fctzt Lehrkr\u00e4fte f\u00fcr Ethik und Religion dabei, Sch\u00fcler\/-innen an diese Fragen heranzuf\u00fchren und gemeinsame Antworten zu entwickeln.<br><br>Aus dem Inhalt:<br>&#8211; Digitalisierung im Alltag<br>&#8211; Digitalisierung und Religion \/ Ethik \/ Philosophie<br>&#8211; Sucht und Verantwortung<br>&#8211; (&#8230;)<\/p>\n\n\n\n<p>&nbsp;<\/p>\n\n\n\n<hr class=\"wp-block-separator has-css-opacity\"\/>\n\n\n\n<div class=\"wp-block-media-text alignwide has-media-on-the-right is-stacked-on-mobile\" style=\"grid-template-columns:auto 37%\"><figure class=\"wp-block-media-text__media\"><img loading=\"lazy\" decoding=\"async\" width=\"719\" height=\"1024\" src=\"http:\/\/herrdroege.de\/wp-content\/uploads\/2020\/07\/Cover-Leben-gestalten-Band-3-719x1024.jpg\" alt=\"\" class=\"wp-image-874 size-full\" srcset=\"http:\/\/herrdroege.de\/wp-content\/uploads\/2020\/07\/Cover-Leben-gestalten-Band-3-719x1024.jpg 719w, http:\/\/herrdroege.de\/wp-content\/uploads\/2020\/07\/Cover-Leben-gestalten-Band-3-211x300.jpg 211w, http:\/\/herrdroege.de\/wp-content\/uploads\/2020\/07\/Cover-Leben-gestalten-Band-3-768x1094.jpg 768w, http:\/\/herrdroege.de\/wp-content\/uploads\/2020\/07\/Cover-Leben-gestalten-Band-3.jpg 800w\" sizes=\"auto, (max-width: 719px) 100vw, 719px\" \/><\/figure><div class=\"wp-block-media-text__content\">\n<p class=\"has-very-dark-gray-color has-very-light-gray-background-color has-text-color has-background\" style=\"font-size:18px\"><strong><strong><span style=\"color:#0064a3\" class=\"tadv-color\">Leben gestalten &#8211; Band 3 (Klassen 9 \/ 10) &#8211; Lehrerband (BW &amp; NI)<\/span> \u00b7 <\/strong><\/strong><span style=\"color:#00d084\" class=\"tadv-color\">Kapitel 5<\/span>: Heilige Schriften verstehen: Wege der Weltreligionen<\/p>\n<\/div><\/div>\n\n\n\n<ul class=\"wp-block-list\"><li>Sek I (Klasse 9\/10)<\/li><li>Informationen f\u00fcr die Lehrkraft + Kopiervorlagen<\/li><li>Klett Verlag<\/li><li>Seiten: 224 (DIN A4)<\/li><li>Erscheinungsjahr: 2020<\/li><li>ISBN: 978-3-12-007060-3&nbsp;<\/li><li><a href=\"https:\/\/www.klett.de\/produkt\/isbn\/978-3-12-007060-3\" target=\"_blank\" rel=\"noreferrer noopener\">bestellen<\/a><\/li><\/ul>\n\n\n\n<hr class=\"wp-block-separator has-css-opacity\"\/>\n\n\n\n<p>&nbsp;<\/p>\n\n\n\n<div class=\"wp-block-media-text alignwide\" style=\"grid-template-columns:38% auto\"><figure class=\"wp-block-media-text__media\"><img loading=\"lazy\" decoding=\"async\" width=\"520\" height=\"735\" src=\"http:\/\/herrdroege.de\/wp-content\/uploads\/2019\/08\/9783589165247_COVER2D_4C_B260_2x.png\" alt=\"\" class=\"wp-image-331 size-full\" srcset=\"http:\/\/herrdroege.de\/wp-content\/uploads\/2019\/08\/9783589165247_COVER2D_4C_B260_2x.png 520w, http:\/\/herrdroege.de\/wp-content\/uploads\/2019\/08\/9783589165247_COVER2D_4C_B260_2x-212x300.png 212w\" sizes=\"auto, (max-width: 520px) 100vw, 520px\" \/><\/figure><div class=\"wp-block-media-text__content\">\n<p class=\"has-very-light-gray-background-color has-text-color has-background\" style=\"color:#006da3;font-size:18px\"><strong>Apps &amp; Co. im Spanischunterricht gezielt einsetzen <\/strong><br><span style=\"color:#313131\" class=\"tadv-color\">Digital unterrichten<\/span><\/p>\n\n\n\n<p><\/p>\n\n\n\n<p><\/p>\n<\/div><\/div>\n\n\n\n<ul class=\"wp-block-list\"><li>Sek I <em><span style=\"color:#bebbbb\" class=\"tadv-color\">(adaptiert auch in der Sek II einsetzbar)<\/span><\/em><\/li><li>Stundenentw\u00fcrfe + Kopiervorlagen<\/li><li>Cornelsen Verlag<\/li><li>Seiten: 64 (DIN A4)<\/li><li>Erscheinungsjahr: 2019<\/li><li>ISBN: 978-3-589-16524-7<\/li><li><a rel=\"noreferrer noopener\" aria-label=\"bestellen (opens in a new tab)\" href=\"https:\/\/www.cornelsen.de\/produkte\/digital-unterrichten-apps-co-im-spanischunterricht-gezielt-einsetzen-klasse-5-10-fertige-stundenentwuerfe-kopiervorlagen-9783589165247\" target=\"_blank\">bestellen<\/a><\/li><\/ul>\n\n\n\n<p class=\"has-pale-cyan-blue-color has-text-color\"><strong>Themenauswahl:<\/strong><\/p>\n\n\n\n<p class=\"has-cyan-bluish-gray-color has-text-color has-small-font-size\">&#8211; die eigene Familie sowie Haustiere vorstellen (digitales Portfolio\/Mind-Map)<br>&#8211; mi habitaci\u00f3n (de sue\u00f1os): Zimmerbeschreibung\/Traumzimmer gestalten und beschreiben (VR\/AR)<br>&#8211; interaktive Wegbeschreibung<br>&#8211; comida t\u00edpica de todo el mundo: Rezeptsammlung (eBook)<br>&#8211; hoy hace sol y mucho calor: Wetterbericht (Green-Screen)<br>&#8211; un d\u00eda normal en mi vida: Tagesablauf beschreiben (Storytelling)<br>&#8211; este es nuestro colegio: die eigene Schule vorstellen (interaktive Schulf\u00fchrung)<br>&#8211; el colegio del futuro: eine Podcast-Folge (Podcast\/VR\/AR)<br>&#8211; el origen de alimentos importados y su camino a Europa: ein Bericht \u00fcber den Import aus Lateinamerika (interaktive Dokumentation)<br>&#8211; la comunicaci\u00f3n hoy en d\u00eda y amigos virtuales<br>&#8211; consejos para usar el Internet de una forma segura: der richtige Umgang mit dem Internet (Erkl\u00e4rvideo)<\/p>\n\n\n\n<hr class=\"wp-block-separator has-css-opacity\"\/>\n\n\n\n<p>&nbsp;<\/p>\r\n<p>\n\n\n\n<\/p>\r\n<p style=\"text-align: center;\"><span style=\"font-family: arial, helvetica, sans-serif; color: #333399;\"><strong>Abschlussarbeiten: Westf\u00e4lische Wilhelms-Universit\u00e4t M\u00fcnster<\/strong><\/span><\/p>\r\n<p><span style=\"color: #808080;\">Bachelorarbeit:<\/span><\/p>\r\n<p style=\"padding-left: 40px;\"><span style=\"text-decoration: underline;\">Thema<\/span>: <span style=\"color: #808080;\"><strong>Web 2.0 &#8211; Chancen und Perspektiven f\u00fcr die Arbeit mit Neuen Medien im Religionsunterricht<\/strong><\/span><br \/><span style=\"text-decoration: underline;\">Semester<\/span>: Sommersemester 2012<\/p>\r\n<p><span style=\"color: #808080;\">Masterarbeit:<\/span><\/p>\r\n<p style=\"padding-left: 40px;\"><span style=\"text-decoration: underline;\">Thema<\/span>: <strong><span style=\"color: #808080;\">Cybermobbing als Ph\u00e4nomen der Neuen Medien &#8211; Eine theologische Betrachtung unter Ber\u00fccksichtigung medienethischer Ans\u00e4tze<\/span><\/strong><br \/><span style=\"text-decoration: underline;\">Semester<\/span>: Sommersemester 2015<\/p>\r\n<p>\n\n\n\n<\/p>\r\n<p>&nbsp;<\/p>\r\n<p>\n\n\n\n<\/p>\r\n<hr class=\"wp-block-separator\" \/>\r\n<p>\n","protected":false},"excerpt":{"rendered":"<p>&nbsp; Die wichtigsten digitalen Tools f\u00fcr Lehrer\/-innen und Schulalltag\u00b7 Organisation und UnterrichtGrundschule Grundschule Apps &amp; Webtools f\u00fcr: Organisation im Arbeitsalltag als Lehrkraft + Unterricht (f\u00e4cher\u00fcbergreifend) Cornelsen Verlag Seiten: 64 (DIN A5) Erscheinungsjahr: 2022 ISBN: 978-3-589-16875-0 bestellen Beschreibung: Digitale Bildung leicht gemachtOrganisation \u2013 Recherche \u2013 Lernen \u2013 \u00dcben: Dieser Band stellt Webtools und Apps vor, die &hellip; <\/p>\n<p class=\"link-more\"><a href=\"http:\/\/herrdroege.de\/?page_id=330\" class=\"more-link\"><span class=\"screen-reader-text\">\u201ePublikationen\u201c<\/span> weiterlesen<\/a><\/p>\n","protected":false},"author":1,"featured_media":0,"parent":0,"menu_order":7,"comment_status":"closed","ping_status":"closed","template":"","meta":{"jetpack_post_was_ever_published":false,"footnotes":""},"class_list":["post-330","page","type-page","status-publish","hentry"],"jetpack_sharing_enabled":true,"jetpack_shortlink":"https:\/\/wp.me\/PahyqS-5k","_links":{"self":[{"href":"http:\/\/herrdroege.de\/index.php?rest_route=\/wp\/v2\/pages\/330","targetHints":{"allow":["GET"]}}],"collection":[{"href":"http:\/\/herrdroege.de\/index.php?rest_route=\/wp\/v2\/pages"}],"about":[{"href":"http:\/\/herrdroege.de\/index.php?rest_route=\/wp\/v2\/types\/page"}],"author":[{"embeddable":true,"href":"http:\/\/herrdroege.de\/index.php?rest_route=\/wp\/v2\/users\/1"}],"replies":[{"embeddable":true,"href":"http:\/\/herrdroege.de\/index.php?rest_route=%2Fwp%2Fv2%2Fcomments&post=330"}],"version-history":[{"count":37,"href":"http:\/\/herrdroege.de\/index.php?rest_route=\/wp\/v2\/pages\/330\/revisions"}],"predecessor-version":[{"id":1127,"href":"http:\/\/herrdroege.de\/index.php?rest_route=\/wp\/v2\/pages\/330\/revisions\/1127"}],"wp:attachment":[{"href":"http:\/\/herrdroege.de\/index.php?rest_route=%2Fwp%2Fv2%2Fmedia&parent=330"}],"curies":[{"name":"wp","href":"https:\/\/api.w.org\/{rel}","templated":true}]}}