{"id":884,"date":"2020-07-27T16:53:09","date_gmt":"2020-07-27T14:53:09","guid":{"rendered":"http:\/\/herrdroege.de\/?page_id=884"},"modified":"2022-02-10T22:55:33","modified_gmt":"2022-02-10T20:55:33","slug":"vortraege-webinare","status":"publish","type":"page","link":"http:\/\/herrdroege.de\/?page_id=884","title":{"rendered":"Vortr\u00e4ge (Webinare)"},"content":{"rendered":"\n<h2 class=\"wp-block-heading\" id=\"institut-fur-qualitatsentwicklung-an-schulen-schleswig-holstein-iqsh\"><span style=\"color:#ffffff\" class=\"tadv-color\">Institut f\u00fcr Qualit\u00e4tsentwicklung an Schulen Schleswig-Holstein (IQSH)<\/span><\/h2>\n\n\n\n<div class=\"wp-block-media-text alignwide is-stacked-on-mobile\"><figure class=\"wp-block-media-text__media\"><img loading=\"lazy\" decoding=\"async\" width=\"290\" height=\"163\" src=\"http:\/\/herrdroege.de\/wp-content\/uploads\/2020\/08\/IQSH-Logo.png\" alt=\"\" class=\"wp-image-901 size-full\"\/><\/figure><div class=\"wp-block-media-text__content\">\n<p class=\"has-text-color\" style=\"color:#0071a1;font-size:21px\"><span style=\"color:#0064a3\" class=\"tadv-color\">Institut f\u00fcr Qualit\u00e4tsentwicklung an Schulen Schleswig-Holstein (IQSH)<\/span><\/p>\n<\/div><\/div>\n\n\n\n<p><span style=\"color: #808080;\">Webinar-Reihe (10-teilig; je 45 Minuten) \/\/ 2020-2021<\/span><\/p>\n\n\n<div id=\"accordions-896\" class=\"accordions-896 accordions\" data-accordions={&quot;lazyLoad&quot;:true,&quot;id&quot;:&quot;896&quot;,&quot;event&quot;:&quot;click&quot;,&quot;collapsible&quot;:&quot;true&quot;,&quot;heightStyle&quot;:&quot;content&quot;,&quot;animateStyle&quot;:&quot;swing&quot;,&quot;animateDelay&quot;:1000,&quot;navigation&quot;:true,&quot;active&quot;:999,&quot;expandedOther&quot;:&quot;no&quot;}>\r\n                <div id=\"accordions-lazy-896\" class=\"accordions-lazy\" accordionsId=\"896\">\r\n                    <\/div>\r\n\r\n    <div class=\"items\"  style=\"display:none\" >\r\n    \r\n            <div post_id=\"896\" itemcount=\"0\"  header_id=\"header-1596457608032\" id=\"header-1596457608032\" style=\"\" class=\"accordions-head head1596457608032 border-none\" toggle-text=\"\" main-text=\"\u00dcbersicht: Termine und Themen\">\r\n                                    <span id=\"accordion-icons-1596457608032\" class=\"accordion-icons\">\r\n                        <span class=\"accordion-icon-active accordion-plus\"><i class=\"far fa-arrow-alt-circle-down\"><\/i><\/span>\r\n                        <span class=\"accordion-icon-inactive accordion-minus\"><i class=\"fas fa-chevron-right\"><\/i><\/span>\r\n                    <\/span>\r\n                    <span id=\"header-text-1596457608032\" class=\"accordions-head-title\">\u00dcbersicht: Termine und Themen<\/span>\r\n                            <\/div>\r\n            <div class=\"accordion-content content1596457608032 \">\r\n                <p>27.08.2020: <span style=\"color: #808080\">Este es mi mundo<\/span> \u2013 <span style=\"color: #000080\">Wortschatzarbeit mit digitalen MindMaps<\/span><\/p>\n<p><span style=\"color: #000080\"><span style=\"color: #000000\">14.09.2020:<\/span><span style=\"color: #808080\"> Presento nuestro piso<\/span>\u00a0\u2013\u00a0Zimmer- und Wohnungsbeschreibung mit 3D, Augmented Reality (AR) und Virtual Reality (VR)<strong><br \/>\n<\/strong><\/span><\/p>\n<p><span style=\"color: #000080\"><span style=\"color: #000000\">19.10.2020:<\/span><span style=\"color: #808080\"> Nuestras ra\u00edces y nuestra comida favorita<\/span>\u00a0\u2013(Pr\u00e4sentationen als) ein interaktives und multimediales eBook erstellen<\/span><\/p>\n<p><span style=\"color: #000080\"><span style=\"color: #000000\">10.11.2020:<\/span><span style=\"color: #808080\">\u00a0Bienvenid@s a las noticias de hoy<\/span>\u00a0\u2013\u00a0Eine Nachrichtensendung mit Green-Screen erstellen<\/span><\/p>\n<p><span style=\"color: #000080\"><span style=\"color: #000000\">08.12.2020:<\/span><span style=\"color: #808080\">\u00a0Un d\u00eda t\u00edpico en mi vida<\/span>\u00a0\u2013\u00a0Digitales Storytelling<\/span><\/p>\n<p>14.01.20201: <span style=\"color: #808080\">\"Hoy hablamos de...\"<\/span> \u2013 <span style=\"color: #000080\">Podcasts als alternative Form der Ergebnispr\u00e4sentation<\/span><\/p>\n<p><span style=\"color: #000080\"><span style=\"color: #000000\">08.02.2021:<\/span><span style=\"color: #808080\">\u00a0Este es nuestro instituto<\/span>\u00a0\u2013\u00a0Webseiten gestalten zur Ergebnispr\u00e4sentation<\/span><\/p>\n<p><span style=\"color: #000080\"><span style=\"color: #000000\">11.03.2021:<\/span><span style=\"color: #808080\">\u00a0El contraste de los tiempos verbales del pasado\u00a0<\/span>\u00a0\u2013 Infografiken erstellen zu Themen der spanischen Grammatik<\/span><\/p>\n<p><span style=\"color: #000080\"><span style=\"color: #000000\">17.05.2021:<\/span><span style=\"color: #808080\">\u00a0Las redes sociales y yo\u00a0<\/span>\u00a0\u2013 Erkl\u00e4rvideos erstellen<\/span><\/p>\n<p><span style=\"color: #000080\"><span style=\"color: #000000\">08.06.2021:<\/span><span style=\"color: #808080\">\u00a0Mis sue\u00f1os para el futuro\u00a0<\/span>\u00a0\u2013 Pl\u00e4ne f\u00fcr die Zukunft als Comic gestalten<\/span><\/p>\n            <\/div>\r\n    <\/div>\r\n\r\n\r\n\r\n            <\/div>\n\n\n\n<p class=\"has-text-color\" style=\"color:#ffffff\">Abstand<\/p>\n\n\n\n<hr class=\"wp-block-separator\"\/>\n\n\n\n<p><span style=\"color: #808080;\">Webinar-Reihe 2.0 (10-teilig; je 45 Minuten) \/\/ 2021-2022<br><span style=\"color: #993366;\">&gt; Standardsituationen im Spanischunterricht mit Digitalen Medien umsetzen<\/span><\/span><\/p>\n\n\n<div id=\"accordions-1042\" class=\"accordions-1042 accordions\" data-accordions={&quot;lazyLoad&quot;:true,&quot;id&quot;:&quot;1042&quot;,&quot;event&quot;:&quot;click&quot;,&quot;collapsible&quot;:&quot;true&quot;,&quot;heightStyle&quot;:&quot;content&quot;,&quot;animateStyle&quot;:&quot;swing&quot;,&quot;animateDelay&quot;:1000,&quot;navigation&quot;:true,&quot;active&quot;:999,&quot;expandedOther&quot;:&quot;no&quot;}>\r\n                <div id=\"accordions-lazy-1042\" class=\"accordions-lazy\" accordionsId=\"1042\">\r\n                    <\/div>\r\n\r\n    <div class=\"items\"  style=\"display:none\" >\r\n    \r\n            <div post_id=\"1042\" itemcount=\"0\"  header_id=\"header-1596457608032\" id=\"header-1596457608032\" style=\"\" class=\"accordions-head head1596457608032 border-none\" toggle-text=\"\" main-text=\"\u00dcbersicht: Termine und Themen\">\r\n                                    <span id=\"accordion-icons-1596457608032\" class=\"accordion-icons\">\r\n                        <span class=\"accordion-icon-active accordion-plus\"><i class=\"far fa-arrow-alt-circle-down\"><\/i><\/span>\r\n                        <span class=\"accordion-icon-inactive accordion-minus\"><i class=\"fas fa-chevron-right\"><\/i><\/span>\r\n                    <\/span>\r\n                    <span id=\"header-text-1596457608032\" class=\"accordions-head-title\">\u00dcbersicht: Termine und Themen<\/span>\r\n                            <\/div>\r\n            <div class=\"accordion-content content1596457608032 \">\r\n                <p>20.09.2021: <span style=\"color: #000080\">Vorwissen abfragen und Sprechanl\u00e4sse schaffen<\/span><\/p>\n<p>19.10.2021: <span style=\"color: #000080\">Aufgaben bereitstellen und Ergebnisse sammeln<\/span><\/p>\n<p>15.11.2021: <span style=\"color: #000080\">Grammatik \u00fcben<\/span><\/p>\n<p>06.12.2021: <span style=\"color: #000080\">Wortschatz \u00fcben<\/span><\/p>\n<p>17.01.2022: <span style=\"color: #000080\">Audio- und Videomaterial einsetzen<\/span><\/p>\n<p>07.02.2022: <span style=\"color: #000080\">Kollaborativ arbeiten (lassen)<\/span><\/p>\n<p>07.03.2022: <span style=\"color: #000080\">Spielerisch \u00fcben und wiederholen<\/span><\/p>\n<p>28.04.2022: <span style=\"color: #000080\">Korrekturen vornehmen + Feedback geben<\/span><\/p>\n<p>16.05.2022: <span style=\"color: #000080\">Vokabeln semantisieren<\/span><\/p>\n<p>21.06.2022: <span style=\"color: #000080\">Calentamientos gestalten<\/span><\/p>\n            <\/div>\r\n    <\/div>\r\n\r\n\r\n\r\n            <\/div>\n\n\n\n<p class=\"has-text-color\" style=\"color:#ffffff\">Abstand<\/p>\n\n\n\n<hr class=\"wp-block-separator\"\/>\n\n\n\n<h2 class=\"has-text-color wp-block-heading\" id=\"cornelsen-verlag\" style=\"color:#ffffff\">Cornelsen Verlag<\/h2>\n\n\n\n<div class=\"wp-block-media-text alignwide is-stacked-on-mobile\"><figure class=\"wp-block-media-text__media\"><img loading=\"lazy\" decoding=\"async\" width=\"1024\" height=\"256\" src=\"http:\/\/herrdroege.de\/wp-content\/uploads\/2020\/09\/Cornelsen-Logo-1024x256.jpg\" alt=\"\" class=\"wp-image-920 size-full\" srcset=\"http:\/\/herrdroege.de\/wp-content\/uploads\/2020\/09\/Cornelsen-Logo-1024x256.jpg 1024w, http:\/\/herrdroege.de\/wp-content\/uploads\/2020\/09\/Cornelsen-Logo-300x75.jpg 300w, http:\/\/herrdroege.de\/wp-content\/uploads\/2020\/09\/Cornelsen-Logo-768x192.jpg 768w, http:\/\/herrdroege.de\/wp-content\/uploads\/2020\/09\/Cornelsen-Logo.jpg 1174w\" sizes=\"auto, (max-width: 767px) 89vw, (max-width: 1000px) 54vw, (max-width: 1071px) 543px, 580px\" \/><\/figure><div class=\"wp-block-media-text__content\">\n<p class=\"has-text-color\" style=\"color:#0071a1;font-size:21px\">Cornelsen Verlag<\/p>\n<\/div><\/div>\n\n\n\n<p><span style=\"color: #808080;\">Webinare (je 1 Stunde) \/\/ 2020-2022<\/span><\/p>\n\n\n<div id=\"accordions-922\" class=\"accordions-922 accordions\" data-accordions={&quot;lazyLoad&quot;:true,&quot;id&quot;:&quot;922&quot;,&quot;event&quot;:&quot;click&quot;,&quot;collapsible&quot;:&quot;true&quot;,&quot;heightStyle&quot;:&quot;content&quot;,&quot;animateStyle&quot;:&quot;swing&quot;,&quot;animateDelay&quot;:1000,&quot;navigation&quot;:true,&quot;active&quot;:999,&quot;expandedOther&quot;:&quot;no&quot;}>\r\n                <div id=\"accordions-lazy-922\" class=\"accordions-lazy\" accordionsId=\"922\">\r\n                    <\/div>\r\n\r\n    <div class=\"items\"  style=\"display:none\" >\r\n    \r\n            <div post_id=\"922\" itemcount=\"0\"  header_id=\"header-1596457608032\" id=\"header-1596457608032\" style=\"\" class=\"accordions-head head1596457608032 border-none\" toggle-text=\"\" main-text=\"\u00dcbersicht: Termine und Themen\">\r\n                                    <span id=\"accordion-icons-1596457608032\" class=\"accordion-icons\">\r\n                        <span class=\"accordion-icon-active accordion-plus\"><i class=\"far fa-arrow-alt-circle-down\"><\/i><\/span>\r\n                        <span class=\"accordion-icon-inactive accordion-minus\"><i class=\"fas fa-chevron-right\"><\/i><\/span>\r\n                    <\/span>\r\n                    <span id=\"header-text-1596457608032\" class=\"accordions-head-title\">\u00dcbersicht: Termine und Themen<\/span>\r\n                            <\/div>\r\n            <div class=\"accordion-content content1596457608032 \">\r\n                <p>24.09.2020: <span style=\"color: #808080\">Digitale Medien im Spanischunterricht - Medienkompetenz fordern & f\u00f6rdern mit praktischen Beispielen<\/span>\u00a0(<span style=\"color: #000080\">u.a. Ap\u00fantate Nueva edici\u00f3n: Band 1&2)<br \/>\n<\/span><\/p>\n<p>05.10.2020: <span style=\"color: #808080\">Digitale Medien im Spanischunterricht - Medienkompetenz fordern & f\u00f6rdern mit praktischen Beispielen<\/span> (<span style=\"color: #000080\">u.a. Ap\u00fantate Nueva edici\u00f3n: Band 1&2)<\/span><\/p>\n<p>03.11.2020: <span style=\"color: #808080\">Digitale Medien im Spanischunterricht - Medienkompetenz fordern & f\u00f6rdern mit praktischen Beispielen<\/span> (<span style=\"color: #000080\">u.a. Ap\u00fantate Nueva edici\u00f3n: Band 1&2)<\/span><\/p>\n<p>14.12.2020: <span style=\"color: #808080\">Lehrwerksarbeit und Lernaufgaben mit Apps & Webtools im Spanischunterricht\u00a0<\/span>(<span style=\"color: #000080\">mit Beispielen zum Lehrwerk Ap\u00fantate Nueva edici\u00f3n: Band 2)<\/span><\/p>\n<p>20.05.2021: <span style=\"color: #808080\">Digitale Tools im Spanischunterricht - passend zum Lehrwerk\u00a0<\/span>(<span style=\"color: #000080\">mit Beispielen zum Lehrwerk Ap\u00fantate Nueva edici\u00f3n: Band 2 & Encuentros hoy: Band 1); <span style=\"color: #800080\">gemeinsam mit Alexander Gropper<\/span><\/span><\/p>\n<p>15.06.2021: <span style=\"color: #808080\">Digitale Tools im Spanischunterricht - passend zum Lehrwerk\u00a0<\/span>(<span style=\"color: #000080\">mit Beispielen zum Lehrwerk Ap\u00fantate Nueva edici\u00f3n: Band 2 & Encuentros hoy: Band 1); <span style=\"color: #800080\">gemeinsam mit Alexander Gropper<\/span><\/span><\/p>\n<p>27.01.2022: <span style=\"color: #808080\">Digitale Tools im Spanischunterricht mit Beispielen aus dem Unterrichtsalltag:\u00a0<\/span><span style=\"color: #ff6600\">Teil 1<\/span><span style=\"color: #000080\">\u00a0- Pr\u00e4sentationen als multimediales eBook erstellen (mit Beispielen aus Ap\u00fantate - Nueva edici\u00f3n)<\/span><\/p>\n<p>08.02.2022: <span style=\"color: #808080\">Digitale Tools im Spanischunterricht mit Beispielen aus dem Unterrichtsalltag:\u00a0<\/span><span style=\"color: #ff6600\">Teil 2<\/span><span style=\"color: #000080\">\u00a0- Digitales Storytelling (mit Beispielen aus Ap\u00fantate - Nueva edici\u00f3n)<\/span><\/p>\n<p>12.05.2022: <span style=\"color: #808080\">Digitale Tools im Spanischunterricht mit Beispielen aus dem Unterrichtsalltag:\u00a0<\/span><span style=\"color: #ff6600\">Teil 3<\/span><span style=\"color: #000080\">\u00a0- Infografiken erstellen + Wortschatzarbeit mit Mind-Maps (mit Beispielen aus Ap\u00fantate - Nueva edici\u00f3n)<\/span><\/p>\n<p>02.06.2022: <span style=\"color: #808080\">Digitale Tools im Spanischunterricht mit Beispielen aus dem Unterrichtsalltag:\u00a0<\/span><span style=\"color: #ff6600\">Teil 4<\/span><span style=\"color: #000080\">\u00a0- Erkl\u00e4rvideos nutzen + erstellen (mit Beispielen aus Ap\u00fantate - Nueva edici\u00f3n)<\/span><\/p>\n            <\/div>\r\n    <\/div>\r\n\r\n\r\n\r\n            <\/div>\n\n\n\n<p class=\"has-text-color\" style=\"color:#ffffff\">Abstand<\/p>\n\n\n\n<hr class=\"wp-block-separator\"\/>\n\n\n\n<h2 class=\"has-text-color wp-block-heading\" id=\"cornelsen-akademie\" style=\"color:#ffffff\">Cornelsen Akademie<\/h2>\n\n\n\n<div class=\"wp-block-media-text alignwide is-stacked-on-mobile\"><figure class=\"wp-block-media-text__media\"><img loading=\"lazy\" decoding=\"async\" width=\"734\" height=\"134\" src=\"http:\/\/herrdroege.de\/wp-content\/uploads\/2020\/10\/Cornelsen-Akademie-Logo.png\" alt=\"\" class=\"wp-image-933 size-full\" srcset=\"http:\/\/herrdroege.de\/wp-content\/uploads\/2020\/10\/Cornelsen-Akademie-Logo.png 734w, http:\/\/herrdroege.de\/wp-content\/uploads\/2020\/10\/Cornelsen-Akademie-Logo-300x55.png 300w\" sizes=\"auto, (max-width: 734px) 100vw, 734px\" \/><\/figure><div class=\"wp-block-media-text__content\">\n<p class=\"has-text-color\" style=\"color:#0071a1;font-size:21px\">Cornelsen Akademie<\/p>\n<\/div><\/div>\n\n\n\n<p><span style=\"color: #808080;\">Webinare (je 1,5 Stunden) \/\/ 2020-2022<\/span><\/p>\n<p><span style=\"color: #99ccff;\"><a style=\"color: #99ccff;\" href=\"https:\/\/akademie.cornelsen.de\/trainer\/christoph-droege\" target=\"_blank\" rel=\"noopener\">Link zum Trainerprofil<\/a> <\/span>bei der Cornelsen Akademie<\/p>\n\n\n<div id=\"accordions-935\" class=\"accordions-935 accordions\" data-accordions={&quot;lazyLoad&quot;:true,&quot;id&quot;:&quot;935&quot;,&quot;event&quot;:&quot;click&quot;,&quot;collapsible&quot;:&quot;true&quot;,&quot;heightStyle&quot;:&quot;content&quot;,&quot;animateStyle&quot;:&quot;swing&quot;,&quot;animateDelay&quot;:1000,&quot;navigation&quot;:true,&quot;active&quot;:999,&quot;expandedOther&quot;:&quot;no&quot;}>\r\n                <div id=\"accordions-lazy-935\" class=\"accordions-lazy\" accordionsId=\"935\">\r\n                    <\/div>\r\n\r\n    <div class=\"items\"  style=\"display:none\" >\r\n    \r\n            <div post_id=\"935\" itemcount=\"0\"  header_id=\"header-1596457608032\" id=\"header-1596457608032\" style=\"\" class=\"accordions-head head1596457608032 border-none\" toggle-text=\"\" main-text=\"\u00dcbersicht: Termine und Themen\">\r\n                                    <span id=\"accordion-icons-1596457608032\" class=\"accordion-icons\">\r\n                        <span class=\"accordion-icon-active accordion-plus\"><i class=\"far fa-arrow-alt-circle-down\"><\/i><\/span>\r\n                        <span class=\"accordion-icon-inactive accordion-minus\"><i class=\"fas fa-chevron-right\"><\/i><\/span>\r\n                    <\/span>\r\n                    <span id=\"header-text-1596457608032\" class=\"accordions-head-title\">\u00dcbersicht: Termine und Themen<\/span>\r\n                            <\/div>\r\n            <div class=\"accordion-content content1596457608032 \">\r\n                <p>06.10.2020: <span style=\"color: #808080\">(Digitaler) Alltag & Medienwelt von Sch\u00fclerinnen und Sch\u00fclern<\/span><\/p>\n<p>12.11.2020: <span style=\"color: #808080\">Digitale Medien in der Schule: Grunds\u00e4tzliches + Tools f\u00fcr Lehrkr\u00e4fte & Unterricht<\/span><\/p>\n<p>04.03.2021: <span style=\"color: #808080\">Distanzunterricht mit Digitalen Tools<\/span><\/p>\n<p>15.03.2021: <span style=\"color: #808080\">(Digitaler) Alltag & Medienwelt von Sch\u00fclerinnen und Sch\u00fclern<\/span><\/p>\n<p>13.04.2021: <span style=\"color: #808080\">Digitale Medien in der Schule: Grunds\u00e4tzliches + Tools f\u00fcr Lehrkr\u00e4fte & Unterricht<\/span><\/p>\n<p>27.05.2021: <span style=\"color: #808080\">Begriffe und Modelle im Themenfeld \"Bildung und Digitalisierung\"<\/span><\/p>\n<p>09.09.2021: <span style=\"color: #808080\">Digitale Medien in der Schule: Grunds\u00e4tzliches + Tools f\u00fcr Lehrkr\u00e4fte & Unterricht<\/span><\/p>\n<p>10.02.2022: <span style=\"color: #808080\">Distanzunterricht mit Digitalen Tools<\/span><\/p>\n<p>24.02.2022: <span style=\"color: #808080\">Digitale Medien in der Schule: Grunds\u00e4tzliches + Tools f\u00fcr Lehrkr\u00e4fte & Unterricht<\/span><\/p>\n<p>10.03.2022: <span style=\"color: #808080\">(Digitaler) Alltag & Medienwelt von Sch\u00fclerinnen und Sch\u00fclern<\/span><\/p>\n<p>05.05.2022: <span style=\"color: #808080\">Digitale Medien in den modernen Fremdsprachen (Technik + Tools + Beispiele)<\/span><\/p>\n            <\/div>\r\n    <\/div>\r\n\r\n\r\n\r\n            <\/div>\n","protected":false},"excerpt":{"rendered":"<p>Institut f\u00fcr Qualit\u00e4tsentwicklung an Schulen Schleswig-Holstein (IQSH) Institut f\u00fcr Qualit\u00e4tsentwicklung an Schulen Schleswig-Holstein (IQSH) Webinar-Reihe (10-teilig; je 45 Minuten) \/\/ 2020-2021 Abstand Webinar-Reihe 2.0 (10-teilig; je 45 Minuten) \/\/ 2021-2022&gt; Standardsituationen im Spanischunterricht mit Digitalen Medien umsetzen Abstand Cornelsen Verlag Cornelsen Verlag Webinare (je 1 Stunde) \/\/ 2020-2022 Abstand Cornelsen Akademie Cornelsen Akademie Webinare (je &hellip; <\/p>\n<p class=\"link-more\"><a href=\"http:\/\/herrdroege.de\/?page_id=884\" class=\"more-link\"><span class=\"screen-reader-text\">\u201eVortr\u00e4ge (Webinare)\u201c<\/span> weiterlesen<\/a><\/p>\n","protected":false},"author":1,"featured_media":0,"parent":0,"menu_order":6,"comment_status":"closed","ping_status":"closed","template":"","meta":{"jetpack_post_was_ever_published":false,"footnotes":""},"class_list":["post-884","page","type-page","status-publish","hentry"],"jetpack_sharing_enabled":true,"jetpack_shortlink":"https:\/\/wp.me\/PahyqS-eg","_links":{"self":[{"href":"http:\/\/herrdroege.de\/index.php?rest_route=\/wp\/v2\/pages\/884","targetHints":{"allow":["GET"]}}],"collection":[{"href":"http:\/\/herrdroege.de\/index.php?rest_route=\/wp\/v2\/pages"}],"about":[{"href":"http:\/\/herrdroege.de\/index.php?rest_route=\/wp\/v2\/types\/page"}],"author":[{"embeddable":true,"href":"http:\/\/herrdroege.de\/index.php?rest_route=\/wp\/v2\/users\/1"}],"replies":[{"embeddable":true,"href":"http:\/\/herrdroege.de\/index.php?rest_route=%2Fwp%2Fv2%2Fcomments&post=884"}],"version-history":[{"count":27,"href":"http:\/\/herrdroege.de\/index.php?rest_route=\/wp\/v2\/pages\/884\/revisions"}],"predecessor-version":[{"id":1087,"href":"http:\/\/herrdroege.de\/index.php?rest_route=\/wp\/v2\/pages\/884\/revisions\/1087"}],"wp:attachment":[{"href":"http:\/\/herrdroege.de\/index.php?rest_route=%2Fwp%2Fv2%2Fmedia&parent=884"}],"curies":[{"name":"wp","href":"https:\/\/api.w.org\/{rel}","templated":true}]}}